{"id":3661,"date":"2018-05-18T11:01:23","date_gmt":"2018-05-18T09:01:23","guid":{"rendered":"http:\/\/ecole-st-vaast-wambrechies.fr\/?page_id=3661"},"modified":"2024-06-04T14:50:28","modified_gmt":"2024-06-04T12:50:28","slug":"le-reglement-interieur","status":"publish","type":"page","link":"https:\/\/ecole-st-vaast-wambrechies.fr\/index.php\/le-reglement-interieur\/","title":{"rendered":"Le r\u00e8glement int\u00e9rieur"},"content":{"rendered":"<p style=\"text-align: center;\"><strong>\u00a0 \u00a0 \u00a0 \u00a0 \u00a0 \u00a0 \u00a0 \u00a0 \u00a0 \u00a0 \u00a0 \u00a0 \u00a0 \u00a0 \u00a0 \u00a0 \u00a0 \u00a0 \u00a0 \u00a0\u00a0<\/strong><\/p>\n<h3 style=\"text-align: center;\"><strong>REGLEMENT INTERIEUR DE L\u2019ECOLE SAINT VAAST<\/strong><\/h3>\n<p>1. Vie collective<br \/>\nUne grande importance est attach\u00e9e au respect :<br \/>\n&#8211; des personnes, quelles que soient leur fonction dans l\u2019\u00e9cole : direction, enseignants,<br \/>\nASEM, surveillants de cantine, personnel administratif<br \/>\n&#8211; du r\u00e8glement de l\u2019\u00e9cole : respect des d\u00e9cisions de l\u2019\u00e9cole et de la direction, respect<br \/>\ndes d\u00e9cisions des professeurs, des horaires, des sanctions et du calendrier scolaire<br \/>\n&#8211; de l\u2019ordre des locaux et du mat\u00e9riel mis \u00e0 disposition<br \/>\nTout manquement au r\u00e8glement ou au respect des personnes donnera lieu \u00e0 une sanction.<br \/>\nLes v\u00eatements sont marqu\u00e9s au nom de l\u2019enfant. Les v\u00eatements non r\u00e9cup\u00e9r\u00e9s \u00e0 la fin du<br \/>\ntrimestre seront donn\u00e9s \u00e0 des \u0153uvres caritatives.<br \/>\nTous les \u00e9l\u00e8ves de l\u2019\u00e9cole maternelle portent un tablier.<br \/>\nUne tenue correcte et adapt\u00e9e \u00e0 l\u2019\u00e9cole est exig\u00e9e.<\/p>\n<p>2. Absence pour maladie<br \/>\nEn cas de maladie, la famille avertit le secr\u00e9tariat le jour m\u00eame par t\u00e9l\u00e9phone ou via<br \/>\nEcole Directe.<br \/>\nChaque \u00e9l\u00e8ve dispose d\u2019un feuillet de coupon d\u2019absence. Au retour de votre enfant, celui-ci<br \/>\nle remet compl\u00e9t\u00e9 \u00e0 l\u2019enseignant.<br \/>\nNous sommes professionnellement tenus de signaler aux instances de l\u2019Education<br \/>\nNationale, les enfants, qui ont, sur un mois, plus de 4 demi-journ\u00e9es d\u2019absences non<br \/>\njustifi\u00e9es par \u00e9crit autre que maladie ou un probl\u00e8me familial grave.<br \/>\nLes rendez-vous m\u00e9dicaux sont \u00e9galement \u00e0 prendre hors temps scolaire. Aucune arriv\u00e9e<br \/>\nd\u2019\u00e9l\u00e8ve en cours de matin\u00e9e ou d\u2019apr\u00e8s-midi n\u2019est autoris\u00e9e.<\/p>\n<p>3. Enfant malade<br \/>\nAucun des adultes de l\u2019\u00e9cole n\u2019est autoris\u00e9 \u00e0 d\u00e9livrer aux \u00e9l\u00e8ves un m\u00e9dicament quel qu\u2019en<br \/>\nsoit la nature. Pensez \u00e0 demander \u00e0 votre m\u00e9decin un traitement en deux prises (matin<br \/>\net soir).<br \/>\nSeuls les traitements ayant fait l\u2019objet d\u2019un PAI peuvent \u00eatre d\u00e9livr\u00e9s par l\u2019\u00e9cole.<\/p>\n<p>4. Retards<br \/>\nPar respect du travail de chacun et pour l\u2019apprentissage d\u2019une vie sociale, il est<br \/>\nindispensable d\u2019arriver \u00e0 l\u2019heure \u00e0 l\u2019\u00e9cole, c\u2019est-\u00e0-dire : entre 8h20 et 8h30 le matin \/<br \/>\n13h20 et 13h30 l\u2019apr\u00e8s-midi.<br \/>\nPass\u00e9 ces horaires, les enfants se verront remettre un billet de retard.<\/p>\n<p>5. Go\u00fbter<br \/>\nLes \u00e9l\u00e8ves se levant t\u00f4t ou ayant des difficult\u00e9s \u00e0 prendre un petit-d\u00e9jeuner peuvent<br \/>\napporter une collation pour la r\u00e9cr\u00e9ation du matin, mais celle-ci doit rester l\u00e9g\u00e8re.<br \/>\nSont autoris\u00e9s : le pain, les fruits, les compotes ou les laitages \u00e0 boire.<br \/>\nNe sont pas autoris\u00e9s : les g\u00e2teaux, les c\u00e9r\u00e9ales, les sucreries.<\/p>\n<p>6. Demi-pension<br \/>\nEn cas de r\u00e9gime fix\u00e9 par le m\u00e9decin, il est indispensable de remettre un certificat m\u00e9dical<br \/>\nindiquant avec pr\u00e9cision les aliments contre-indiqu\u00e9s ou interdits.<br \/>\nCes restrictions peuvent faire l\u2019objet d\u2019un PAI. Vous devez obligatoirement nous les<br \/>\nsignaler.<br \/>\nIl est interdit, sans PAI, d\u2019amener de la nourriture venant de l\u2019ext\u00e9rieur pour le repas du<br \/>\nmidi.<\/p>\n<p>7. Sortie d\u2019\u00e9cole<br \/>\nUn enfant ne peut sortir de l\u2019\u00e9cole qu\u2019accompagn\u00e9 d\u2019une personne figurant sur la liste des<br \/>\npersonnes autoris\u00e9es.<br \/>\nUn enfant ne peut sortir seul de l\u2019\u00e9cole que s\u2019il a remis une carte de sortie autoris\u00e9e par<br \/>\nses parents.<br \/>\nEn cas d\u2019impr\u00e9vu, merci de pr\u00e9venir l\u2019\u00e9cole par t\u00e9l\u00e9phone.<\/p>\n<p>8. Etudes surveill\u00e9es et garderie<br \/>\nDes \u00e9tudes surveill\u00e9es sont organis\u00e9es de 16h30 \u00e0 17h30 pour les \u00e9l\u00e8ves \u00e0 partir du CP.<br \/>\nLes \u00e9l\u00e8ves de l\u2019\u00e9tude ne peuvent quitter l\u2019\u00e9cole avant 17h30.<br \/>\nUne garderie est organis\u00e9e de 16h30 \u00e0 18h30. Elle est r\u00e9serv\u00e9e aux enfants dont les<br \/>\nparents travaillent uniquement sur ces horaires. Les \u00e9l\u00e8ves ne d\u00e9cident pas s\u2019ils veulent<br \/>\nrester en garderie ou non. Nous avons un quota d\u2019\u00e9l\u00e8ves autoris\u00e9s en garderie en fonction<br \/>\ndu personnel employ\u00e9. Si celui-ci est d\u00e9pass\u00e9, le tarif de garderie sera augment\u00e9 pour<br \/>\npouvoir embaucher une personne en plus sur ce temps.<\/p>\n<p>9. Harc\u00e8lement<br \/>\nLes \u00e9l\u00e8ves \u00e0 partir du CP signent et adh\u00e8rent par-l\u00e0, \u00e0 la charte d\u2019engagement contre le<br \/>\nharc\u00e8lement.<br \/>\nL\u2019\u00e9cole s\u2019engage \u00e0 traiter toutes les situations \u00e9ventuelles de conflits et \u00e0 organiser une<br \/>\njourn\u00e9e de sensibilisation au harc\u00e8lement.<\/p>\n<p>10. Traceurs GPS, t\u00e9l\u00e9phones portables et montres connect\u00e9es<br \/>\nLes traceurs GPS sont interdits sur temps scolaire (y compris lors de sorties avec ou<br \/>\nsans nuit\u00e9es). L\u2019article 1 de la loi n\u00b02024-120 consacre une partie de son texte sur le<br \/>\nrespect de la vie priv\u00e9e de l\u2019enfant en l\u2019incluant parmi les obligations des parents.<br \/>\nLes t\u00e9l\u00e9phones portables sont interdits \u00e0 l\u2019\u00e9cole.<br \/>\nLes montres connect\u00e9es sont autoris\u00e9es mais doivent \u00eatre d\u00e9connect\u00e9es sur les horaires<br \/>\nde pr\u00e9sence de l\u2019enfant \u00e0 l\u2019\u00e9cole. L\u2019\u00e9cole d\u00e9cline toute responsabilit\u00e9 en cas de perte ou de<br \/>\nd\u00e9gradation de la montre.<\/p>\n<p>11. Sanctions<br \/>\nEn cas de non-respect du r\u00e8glement, l\u2019\u00e9quipe \u00e9ducative est autoris\u00e9e \u00e0 sanctionner selon<br \/>\nla gravit\u00e9 de l\u2019\u00e9cart.<br \/>\nCes sanctions peuvent aller de la simple remarque \u00e0 une exclusion temporaire de la classe,<br \/>\nde la cantine, de la garderie et\/ou de l\u2019\u00e9tude.<\/p>\n","protected":false},"excerpt":{"rendered":"<p>\u00a0 \u00a0 \u00a0 \u00a0 \u00a0 \u00a0 \u00a0 \u00a0 \u00a0 \u00a0 \u00a0 \u00a0 \u00a0 \u00a0 \u00a0 \u00a0 \u00a0 \u00a0 \u00a0 \u00a0\u00a0 [&hellip;]<\/p>\n","protected":false},"author":4,"featured_media":0,"parent":0,"menu_order":0,"comment_status":"closed","ping_status":"closed","template":"","meta":{"footnotes":""},"_links":{"self":[{"href":"https:\/\/ecole-st-vaast-wambrechies.fr\/index.php\/wp-json\/wp\/v2\/pages\/3661"}],"collection":[{"href":"https:\/\/ecole-st-vaast-wambrechies.fr\/index.php\/wp-json\/wp\/v2\/pages"}],"about":[{"href":"https:\/\/ecole-st-vaast-wambrechies.fr\/index.php\/wp-json\/wp\/v2\/types\/page"}],"author":[{"embeddable":true,"href":"https:\/\/ecole-st-vaast-wambrechies.fr\/index.php\/wp-json\/wp\/v2\/users\/4"}],"replies":[{"embeddable":true,"href":"https:\/\/ecole-st-vaast-wambrechies.fr\/index.php\/wp-json\/wp\/v2\/comments?post=3661"}],"version-history":[{"count":8,"href":"https:\/\/ecole-st-vaast-wambrechies.fr\/index.php\/wp-json\/wp\/v2\/pages\/3661\/revisions"}],"predecessor-version":[{"id":8280,"href":"https:\/\/ecole-st-vaast-wambrechies.fr\/index.php\/wp-json\/wp\/v2\/pages\/3661\/revisions\/8280"}],"wp:attachment":[{"href":"https:\/\/ecole-st-vaast-wambrechies.fr\/index.php\/wp-json\/wp\/v2\/media?parent=3661"}],"curies":[{"name":"wp","href":"https:\/\/api.w.org\/{rel}","templated":true}]}}