{"id":493,"date":"2017-10-13T20:47:49","date_gmt":"2017-10-13T18:47:49","guid":{"rendered":"http:\/\/ecole-laprovidence-wambrechies.fr\/?page_id=493"},"modified":"2018-12-21T12:45:56","modified_gmt":"2018-12-21T11:45:56","slug":"galeries-2017-18","status":"publish","type":"page","link":"https:\/\/ecole-st-vaast-wambrechies.fr\/index.php\/galeries-2017-18\/","title":{"rendered":"\u00c9v\u00e9nements de l&rsquo;ann\u00e9e scolaire 2017 &#8211; 2018"},"content":{"rendered":"<h2 style=\"text-align: left;\">Cliquez sur l&rsquo;image ou sur le titre de l&rsquo;\u00e9v\u00e9nement pour acc\u00e9der au diaporama.<\/h2>\n<h2 style=\"text-align: center;\"><\/h2>\n<table border=\"0\" width=\"700\" align=\"center\">\n<tbody>\n<tr>\n<td style=\"text-align: center;\"><a href=\"http:\/\/ecole-st-vaast-wambrechies.fr\/index.php\/celebration-rentree\/\" target=\"_blank\" rel=\"noopener\"><img loading=\"lazy\" decoding=\"async\" class=\"alignnone wp-image-3101 size-thumbnail\" src=\"http:\/\/ecole-st-vaast-wambrechies.fr\/wp-content\/uploads\/2018\/02\/vig-celebration-150x150.jpg\" alt=\"\" width=\"150\" height=\"150\" srcset=\"https:\/\/ecole-st-vaast-wambrechies.fr\/wp-content\/uploads\/2018\/02\/vig-celebration-150x150.jpg 150w, https:\/\/ecole-st-vaast-wambrechies.fr\/wp-content\/uploads\/2018\/02\/vig-celebration.jpg 200w\" sizes=\"(max-width: 150px) 100vw, 150px\" \/><\/a><br \/>\n<a href=\"http:\/\/ecole-st-vaast-wambrechies.fr\/index.php\/celebration-rentree\/\" target=\"_blank\" rel=\"noopener\">C\u00e9l\u00e9bration<\/a><br \/>\n<span style=\"font-family: inherit; font-size: inherit;\">Septembre 2017<\/span><\/td>\n<td style=\"text-align: center;\"><img loading=\"lazy\" decoding=\"async\" class=\"alignnone size-thumbnail wp-image-2623\" src=\"http:\/\/ecole-st-vaast-wambrechies.fr\/wp-content\/uploads\/2018\/02\/20170912_140916-150x150.jpg\" alt=\"\" width=\"150\" height=\"150\" \/><\/p>\n<p><a href=\"http:\/\/ecole-st-vaast-wambrechies.fr\/index.php\/hockey\/\" target=\"_blank\" rel=\"noopener\">Hockey<\/a><br \/>\nSeptembre 2017<\/td>\n<td style=\"text-align: center;\"><a href=\"http:\/\/ecole-st-vaast-wambrechies.fr\/index.php\/journee-patrimoine\/\" target=\"_blank\" rel=\"noopener\"><img loading=\"lazy\" decoding=\"async\" class=\"alignnone wp-image-3104 size-thumbnail\" src=\"http:\/\/ecole-st-vaast-wambrechies.fr\/wp-content\/uploads\/2018\/02\/vig-patrimoine-150x150.jpg\" alt=\"\" width=\"150\" height=\"150\" srcset=\"https:\/\/ecole-st-vaast-wambrechies.fr\/wp-content\/uploads\/2018\/02\/vig-patrimoine-150x150.jpg 150w, https:\/\/ecole-st-vaast-wambrechies.fr\/wp-content\/uploads\/2018\/02\/vig-patrimoine.jpg 200w\" sizes=\"(max-width: 150px) 100vw, 150px\" \/><\/a><br \/>\n<a href=\"http:\/\/ecole-st-vaast-wambrechies.fr\/index.php\/journee-patrimoine\/\" target=\"_blank\" rel=\"noopener\">Patrimoine<\/a><br \/>\nSeptembre 2017<\/td>\n<td style=\"text-align: center;\"><\/td>\n<\/tr>\n<tr>\n<td style=\"text-align: center;\"><a href=\"http:\/\/ecole-st-vaast-wambrechies.fr\/index.php\/sortie-abeilles\/\" target=\"_blank\" rel=\"noopener\"><img loading=\"lazy\" decoding=\"async\" class=\"alignnone wp-image-3105 size-thumbnail\" src=\"http:\/\/ecole-st-vaast-wambrechies.fr\/wp-content\/uploads\/2018\/02\/VIG-ABEILLES-150x150.jpg\" alt=\"\" width=\"150\" height=\"150\" srcset=\"https:\/\/ecole-st-vaast-wambrechies.fr\/wp-content\/uploads\/2018\/02\/VIG-ABEILLES-150x150.jpg 150w, https:\/\/ecole-st-vaast-wambrechies.fr\/wp-content\/uploads\/2018\/02\/VIG-ABEILLES.jpg 200w\" sizes=\"(max-width: 150px) 100vw, 150px\" \/><\/a><br \/>\n<a href=\"http:\/\/ecole-st-vaast-wambrechies.fr\/index.php\/sortie-abeilles\/\" target=\"_blank\" rel=\"noopener\">Sortie visite des ruches d&rsquo;abeilles<\/a><br \/>\nSeptembre 2017<\/td>\n<td style=\"text-align: center;\"><a href=\"http:\/\/ecole-st-vaast-wambrechies.fr\/index.php\/sortie-dunkerque\/\" target=\"_blank\" rel=\"noopener\"><img loading=\"lazy\" decoding=\"async\" class=\"alignnone wp-image-3107 size-thumbnail\" src=\"http:\/\/ecole-st-vaast-wambrechies.fr\/wp-content\/uploads\/2018\/02\/VIG-DUNKERQUE-150x150.jpg\" alt=\"\" width=\"150\" height=\"150\" srcset=\"https:\/\/ecole-st-vaast-wambrechies.fr\/wp-content\/uploads\/2018\/02\/VIG-DUNKERQUE-150x150.jpg 150w, https:\/\/ecole-st-vaast-wambrechies.fr\/wp-content\/uploads\/2018\/02\/VIG-DUNKERQUE.jpg 200w\" sizes=\"(max-width: 150px) 100vw, 150px\" \/><\/a><br \/>\n<a href=\"http:\/\/ecole-st-vaast-wambrechies.fr\/index.php\/sortie-dunkerque\/\" target=\"_blank\" rel=\"noopener\">Sortie Dunkerque de toute l&rsquo;\u00e9cole<\/a><br \/>\nSeptembre 2017<\/td>\n<td style=\"text-align: center;\"><a href=\"http:\/\/ecole-st-vaast-wambrechies.fr\/index.php\/spectacle-le-jardin-de-theodore-gs\/\" target=\"_blank\" rel=\"noopener\"><img loading=\"lazy\" decoding=\"async\" class=\"alignnone wp-image-3109 size-thumbnail\" src=\"http:\/\/ecole-st-vaast-wambrechies.fr\/wp-content\/uploads\/2018\/02\/VIG-THEODORE-150x150.jpg\" alt=\"\" width=\"150\" height=\"150\" srcset=\"https:\/\/ecole-st-vaast-wambrechies.fr\/wp-content\/uploads\/2018\/02\/VIG-THEODORE-150x150.jpg 150w, https:\/\/ecole-st-vaast-wambrechies.fr\/wp-content\/uploads\/2018\/02\/VIG-THEODORE.jpg 200w\" sizes=\"(max-width: 150px) 100vw, 150px\" \/><\/a><br \/>\n<a href=\"http:\/\/ecole-st-vaast-wambrechies.fr\/index.php\/spectacle-le-jardin-de-theodore-gs\/\" target=\"_blank\" rel=\"noopener\">Spectacle Jardin de Th\u00e9odore &#8211; GS<\/a><br \/>\nSeptembre 2017<\/td>\n<td style=\"text-align: center;\"><\/td>\n<\/tr>\n<tr>\n<td style=\"text-align: center;\"><a href=\"http:\/\/ecole-st-vaast-wambrechies.fr\/index.php\/classe-gs-automne\/\" target=\"_blank\" rel=\"noopener\"><img loading=\"lazy\" decoding=\"async\" class=\"alignnone wp-image-3111 size-thumbnail\" src=\"http:\/\/ecole-st-vaast-wambrechies.fr\/wp-content\/uploads\/2018\/02\/VIG-CLASSE-150x150.jpg\" alt=\"\" width=\"150\" height=\"150\" srcset=\"https:\/\/ecole-st-vaast-wambrechies.fr\/wp-content\/uploads\/2018\/02\/VIG-CLASSE-150x150.jpg 150w, https:\/\/ecole-st-vaast-wambrechies.fr\/wp-content\/uploads\/2018\/02\/VIG-CLASSE.jpg 200w\" sizes=\"(max-width: 150px) 100vw, 150px\" \/><\/a><br \/>\n<a href=\"http:\/\/ecole-st-vaast-wambrechies.fr\/index.php\/classe-gs-automne\/\" target=\"_blank\" rel=\"noopener\">Classe GS<\/a><br \/>\nOctobre 2017<\/td>\n<td style=\"text-align: center;\"><img loading=\"lazy\" decoding=\"async\" class=\"alignnone size-thumbnail wp-image-4179\" src=\"http:\/\/ecole-st-vaast-wambrechies.fr\/wp-content\/uploads\/2018\/07\/20171111_112038-150x150.jpg\" alt=\"\" width=\"150\" height=\"150\" \/><\/p>\n<p><a href=\"http:\/\/ecole-st-vaast-wambrechies.fr\/index.php\/armistice-11-novembre-2018\/\" target=\"_blank\" rel=\"noopener\">L&rsquo;Armistice &#8211; 11<\/a><\/p>\n<p>Novembre 2017<\/td>\n<td style=\"text-align: center;\"><a href=\"http:\/\/ecole-st-vaast-wambrechies.fr\/index.php\/saint-nicolas\/\" target=\"_blank\" rel=\"noopener\"><img loading=\"lazy\" decoding=\"async\" class=\"size-thumbnail wp-image-4196 aligncenter\" src=\"http:\/\/ecole-st-vaast-wambrechies.fr\/wp-content\/uploads\/2018\/07\/20171207_090011-150x150.jpg\" alt=\"\" width=\"150\" height=\"150\" \/><\/a><\/p>\n<p><a href=\"http:\/\/ecole-st-vaast-wambrechies.fr\/index.php\/saint-nicolas\/\" target=\"_blank\" rel=\"noopener\">Saint Nicolas<\/a><\/p>\n<p>D\u00e9cembre 2017<\/p>\n<p>&nbsp;<\/td>\n<td style=\"text-align: center;\">\u00a0 \u00a0 \u00a0\u00a0<a href=\"http:\/\/ecole-st-vaast-wambrechies.fr\/index.php\/celebration-noel\/\" target=\"_blank\" rel=\"noopener\"><img loading=\"lazy\" decoding=\"async\" class=\"size-thumbnail wp-image-4245 alignnone\" src=\"http:\/\/ecole-st-vaast-wambrechies.fr\/wp-content\/uploads\/2018\/07\/20171222_160831-150x150.jpg\" alt=\"\" width=\"150\" height=\"150\" \/><\/a><\/p>\n<p><a href=\"http:\/\/ecole-st-vaast-wambrechies.fr\/index.php\/celebration-noel\/\" target=\"_blank\" rel=\"noopener\">Noel<\/a><\/p>\n<p>D\u00e9cembre 2017<\/p>\n<p>&nbsp;<\/td>\n<\/tr>\n<tr>\n<td><a href=\"http:\/\/ecole-st-vaast-wambrechies.fr\/index.php\/galette-des-rois-ogec-janvier-2018\/\" target=\"_blank\" rel=\"noopener\"><img loading=\"lazy\" decoding=\"async\" class=\"alignnone size-thumbnail wp-image-5248 aligncenter\" src=\"http:\/\/ecole-st-vaast-wambrechies.fr\/wp-content\/uploads\/2018\/12\/20180116_190133-150x150.jpg\" alt=\"\" width=\"150\" height=\"150\" \/><\/a><\/p>\n<p style=\"text-align: center;\"><a href=\"http:\/\/ecole-st-vaast-wambrechies.fr\/index.php\/galette-des-rois-ogec-janvier-2018\/\" target=\"_blank\" rel=\"noopener\">Galettes des Rois &#8211; OGEC Janvier 2018<\/a><\/p>\n<p style=\"text-align: center;\">\n<\/td>\n<td style=\"text-align: center;\">&nbsp;<\/p>\n<p style=\"text-align: center;\"><a href=\"http:\/\/ecole-st-vaast-wambrechies.fr\/index.php\/apres-midi-des-enfants\/\" target=\"_blank\" rel=\"noopener\"><img loading=\"lazy\" decoding=\"async\" class=\"size-thumbnail wp-image-4136 aligncenter\" src=\"http:\/\/ecole-st-vaast-wambrechies.fr\/wp-content\/uploads\/2018\/07\/DSC03399-150x150.jpg\" alt=\"\" width=\"150\" height=\"150\" \/><\/a><\/p>\n<p style=\"text-align: center;\"><a href=\"http:\/\/ecole-st-vaast-wambrechies.fr\/index.php\/apres-midi-des-enfants\/\" target=\"_blank\" rel=\"noopener\">apr\u00e8s-midi des enfants<\/a><\/p>\n<p style=\"text-align: center;\">f\u00e9vrier 2018<\/p>\n<\/td>\n<td>&nbsp;<\/p>\n<p style=\"text-align: center;\"><a href=\"http:\/\/ecole-st-vaast-wambrechies.fr\/index.php\/berges-propres-ce2\/\" target=\"_blank\" rel=\"noopener\"><img loading=\"lazy\" decoding=\"async\" class=\"wp-image-3110 size-thumbnail aligncenter\" src=\"http:\/\/ecole-st-vaast-wambrechies.fr\/wp-content\/uploads\/2018\/02\/VIG-BERGE-150x150.jpg\" alt=\"\" width=\"150\" height=\"150\" srcset=\"https:\/\/ecole-st-vaast-wambrechies.fr\/wp-content\/uploads\/2018\/02\/VIG-BERGE-150x150.jpg 150w, https:\/\/ecole-st-vaast-wambrechies.fr\/wp-content\/uploads\/2018\/02\/VIG-BERGE.jpg 200w\" sizes=\"(max-width: 150px) 100vw, 150px\" \/><\/a><br \/>\n<a href=\"http:\/\/ecole-st-vaast-wambrechies.fr\/index.php\/berges-propres-ce2\/\" target=\"_blank\" rel=\"noopener\">Berges propres<\/a><br \/>\nOctobre 2017 CM1 Mars 2018 CE2<\/p>\n<\/td>\n<td>\n<p style=\"text-align: center;\"><a href=\"http:\/\/ecole-st-vaast-wambrechies.fr\/index.php\/classe-de-neige-2018\/\" target=\"_blank\" rel=\"noopener\"><img loading=\"lazy\" decoding=\"async\" class=\"size-thumbnail wp-image-4284 aligncenter\" src=\"http:\/\/ecole-st-vaast-wambrechies.fr\/wp-content\/uploads\/2018\/07\/20180314_142720-150x150.jpg\" alt=\"\" width=\"150\" height=\"150\" \/><\/a><\/p>\n<p style=\"text-align: center;\"><a href=\"http:\/\/ecole-st-vaast-wambrechies.fr\/index.php\/classe-de-neige-2018\/\" target=\"_blank\" rel=\"noopener\">Classe de neige<\/a><\/p>\n<p style=\"text-align: center;\">CM1 -CM2<\/p>\n<p style=\"text-align: center;\">\u00a0Mars 2018<\/p>\n<\/td>\n<\/tr>\n<tr>\n<td><a href=\"http:\/\/ecole-st-vaast-wambrechies.fr\/index.php\/arts-visuels-classe-de-ce2\/\" target=\"_blank\" rel=\"noopener\"><img loading=\"lazy\" decoding=\"async\" class=\"size-thumbnail wp-image-3446 aligncenter\" src=\"http:\/\/ecole-st-vaast-wambrechies.fr\/wp-content\/uploads\/2018\/04\/20180326_143247-150x150.jpg\" alt=\"\" width=\"150\" height=\"150\" \/><\/a><\/p>\n<p style=\"text-align: center;\"><a href=\"http:\/\/ecole-st-vaast-wambrechies.fr\/index.php\/arts-visuels-classe-de-ce2\/\" target=\"_blank\" rel=\"noopener\">Activit\u00e9 Arts Visuels CE2<\/a><\/p>\n<p style=\"text-align: center;\">Mars 2018<\/p>\n<\/td>\n<td><a href=\"http:\/\/ecole-st-vaast-wambrechies.fr\/index.php\/carnaval-et-chasse-aux-oeufs\/\" target=\"_blank\" rel=\"noopener\"><img loading=\"lazy\" decoding=\"async\" class=\"size-thumbnail wp-image-3582 aligncenter\" src=\"http:\/\/ecole-st-vaast-wambrechies.fr\/wp-content\/uploads\/2018\/04\/40-150x150.jpg\" alt=\"\" width=\"150\" height=\"150\" \/><\/a><\/p>\n<p style=\"text-align: center;\"><a href=\"http:\/\/ecole-st-vaast-wambrechies.fr\/index.php\/carnaval-et-chasse-aux-oeufs\/\" target=\"_blank\" rel=\"noopener\">C\u00e9l\u00e9bration de P\u00e2ques<\/a><\/p>\n<p style=\"text-align: center;\"><a href=\"http:\/\/ecole-st-vaast-wambrechies.fr\/index.php\/carnaval-et-chasse-aux-oeufs\/\" target=\"_blank\" rel=\"noopener\">Carnaval et Chasse aux oeufs<\/a><\/p>\n<p style=\"text-align: center;\">Avril 2018<\/p>\n<\/td>\n<td><a href=\"http:\/\/ecole-st-vaast-wambrechies.fr\/index.php\/fete-de-lecole-juin-2018\/\" target=\"_blank\" rel=\"noopener\"><img loading=\"lazy\" decoding=\"async\" class=\"aligncenter wp-image-4098 size-thumbnail\" src=\"http:\/\/ecole-st-vaast-wambrechies.fr\/wp-content\/uploads\/2018\/07\/IMG_20180630_154409-150x150.jpg\" alt=\"\" width=\"150\" height=\"150\" \/><\/a><\/p>\n<p style=\"text-align: center;\"><a href=\"http:\/\/ecole-st-vaast-wambrechies.fr\/index.php\/fete-de-lecole-juin-2018\/\" target=\"_blank\" rel=\"noopener\">F\u00eate de l&rsquo;\u00e9cole\u00a0<\/a><\/p>\n<p style=\"text-align: center;\">Juin 2018<\/p>\n<\/td>\n<td style=\"text-align: center;\">\n<p style=\"text-align: center;\">\n<\/td>\n<\/tr>\n<\/tbody>\n<\/table>\n<h2 style=\"text-align: center;\"><\/h2>\n","protected":false},"excerpt":{"rendered":"<p>Cliquez sur l&rsquo;image ou sur le titre de l&rsquo;\u00e9v\u00e9nement pour acc\u00e9der au diaporama. C\u00e9l\u00e9bration Septembre 2017 Hockey Septembre 2017 Patrimoine [&hellip;]<\/p>\n","protected":false},"author":4,"featured_media":0,"parent":0,"menu_order":0,"comment_status":"closed","ping_status":"closed","template":"","meta":{"footnotes":""},"_links":{"self":[{"href":"https:\/\/ecole-st-vaast-wambrechies.fr\/index.php\/wp-json\/wp\/v2\/pages\/493"}],"collection":[{"href":"https:\/\/ecole-st-vaast-wambrechies.fr\/index.php\/wp-json\/wp\/v2\/pages"}],"about":[{"href":"https:\/\/ecole-st-vaast-wambrechies.fr\/index.php\/wp-json\/wp\/v2\/types\/page"}],"author":[{"embeddable":true,"href":"https:\/\/ecole-st-vaast-wambrechies.fr\/index.php\/wp-json\/wp\/v2\/users\/4"}],"replies":[{"embeddable":true,"href":"https:\/\/ecole-st-vaast-wambrechies.fr\/index.php\/wp-json\/wp\/v2\/comments?post=493"}],"version-history":[{"count":41,"href":"https:\/\/ecole-st-vaast-wambrechies.fr\/index.php\/wp-json\/wp\/v2\/pages\/493\/revisions"}],"predecessor-version":[{"id":5267,"href":"https:\/\/ecole-st-vaast-wambrechies.fr\/index.php\/wp-json\/wp\/v2\/pages\/493\/revisions\/5267"}],"wp:attachment":[{"href":"https:\/\/ecole-st-vaast-wambrechies.fr\/index.php\/wp-json\/wp\/v2\/media?parent=493"}],"curies":[{"name":"wp","href":"https:\/\/api.w.org\/{rel}","templated":true}]}}