{"id":5237,"date":"2018-12-13T16:40:45","date_gmt":"2018-12-13T15:40:45","guid":{"rendered":"http:\/\/ecole-st-vaast-wambrechies.fr\/?page_id=5237"},"modified":"2019-07-19T14:55:04","modified_gmt":"2019-07-19T12:55:04","slug":"annee-scolaire-2018-2019","status":"publish","type":"page","link":"https:\/\/ecole-st-vaast-wambrechies.fr\/index.php\/annee-scolaire-2018-2019\/","title":{"rendered":"Ann\u00e9e Scolaire 2018-2019"},"content":{"rendered":"<table>\n<tbody>\n<tr>\n<td width=\"121\">\n<table>\n<tbody>\n<tr>\n<td width=\"86\">\n<p><figure id=\"attachment_5279\" aria-describedby=\"caption-attachment-5279\" style=\"width: 150px\" class=\"wp-caption aligncenter\"><a href=\"http:\/\/ecole-st-vaast-wambrechies.fr\/index.php\/benedictions-des-cartables-septembre-2018\/\" target=\"_blank\" rel=\"noopener\"><img loading=\"lazy\" decoding=\"async\" class=\"size-thumbnail wp-image-5279\" src=\"http:\/\/ecole-st-vaast-wambrechies.fr\/wp-content\/uploads\/2018\/12\/IMG_20180915_110005-150x150.jpg\" alt=\"\" width=\"150\" height=\"150\" \/><\/a><figcaption id=\"caption-attachment-5279\" class=\"wp-caption-text\"><a href=\"http:\/\/ecole-st-vaast-wambrechies.fr\/index.php\/benedictions-des-cartables-septembre-2018\/\" target=\"_blank\" rel=\"noopener\">B\u00e9n\u00e9dictions des cartables septembre 2018<\/a><\/figcaption><\/figure><\/td>\n<\/tr>\n<\/tbody>\n<\/table>\n<\/td>\n<td width=\"121\">\n<p><figure id=\"attachment_5300\" aria-describedby=\"caption-attachment-5300\" style=\"width: 150px\" class=\"wp-caption alignnone\"><a href=\"http:\/\/ecole-st-vaast-wambrechies.fr\/index.php\/sortie-decathlon-octobre-2018\/\" target=\"_blank\" rel=\"noopener\"><img loading=\"lazy\" decoding=\"async\" class=\"size-thumbnail wp-image-5300\" src=\"http:\/\/ecole-st-vaast-wambrechies.fr\/wp-content\/uploads\/2018\/12\/IMG_20181008_140451-1-150x150.jpg\" alt=\"\" width=\"150\" height=\"150\" \/><\/a><figcaption id=\"caption-attachment-5300\" class=\"wp-caption-text\"><a href=\"http:\/\/ecole-st-vaast-wambrechies.fr\/index.php\/sortie-decathlon-octobre-2018\/\" target=\"_blank\" rel=\"noopener\">Sortie Decathlon Oct 2018<\/a><\/figcaption><\/figure><\/td>\n<td width=\"121\">\n<p><figure id=\"attachment_5355\" aria-describedby=\"caption-attachment-5355\" style=\"width: 150px\" class=\"wp-caption alignnone\"><a href=\"http:\/\/ecole-st-vaast-wambrechies.fr\/index.php\/semaine-du-gout-oct-2018-2\/\" target=\"_blank\" rel=\"noopener\"><img loading=\"lazy\" decoding=\"async\" class=\"size-thumbnail wp-image-5355\" src=\"http:\/\/ecole-st-vaast-wambrechies.fr\/wp-content\/uploads\/2018\/12\/IMG_20181008_094627-150x150.jpg\" alt=\"\" width=\"150\" height=\"150\" \/><\/a><figcaption id=\"caption-attachment-5355\" class=\"wp-caption-text\"><a href=\"http:\/\/ecole-st-vaast-wambrechies.fr\/index.php\/semaine-du-gout-oct-2018-2\/\">Semaine du\u00a0go\u00fbt Oct 2018<\/a><\/figcaption><\/figure><\/td>\n<td width=\"121\">\n<p><figure id=\"attachment_5531\" aria-describedby=\"caption-attachment-5531\" style=\"width: 150px\" class=\"wp-caption alignnone\"><a href=\"http:\/\/ecole-st-vaast-wambrechies.fr\/index.php\/journee-du-patrimoine-et-visite-au-bord-de-la-deule-oct-2018\/\" target=\"_blank\" rel=\"noopener\"><img loading=\"lazy\" decoding=\"async\" class=\"size-thumbnail wp-image-5531\" src=\"http:\/\/ecole-st-vaast-wambrechies.fr\/wp-content\/uploads\/2018\/12\/IMG_20181012_145525-150x150.jpg\" alt=\"\" width=\"150\" height=\"150\" \/><\/a><figcaption id=\"caption-attachment-5531\" class=\"wp-caption-text\"><a href=\"http:\/\/ecole-st-vaast-wambrechies.fr\/index.php\/journee-du-patrimoine-et-visite-au-bord-de-la-deule-oct-2018\/\" target=\"_blank\" rel=\"noopener\">Journ\u00e9e de patrimoine et visite de la\u00a0De\u00fble Oct 2018<\/a><\/figcaption><\/figure><\/td>\n<td width=\"121\">\n<p><figure id=\"attachment_5473\" aria-describedby=\"caption-attachment-5473\" style=\"width: 150px\" class=\"wp-caption alignnone\"><a href=\"http:\/\/ecole-st-vaast-wambrechies.fr\/index.php\/activites-sportives\/\" target=\"_blank\" rel=\"noopener\"><img loading=\"lazy\" decoding=\"async\" class=\"size-thumbnail wp-image-5473\" src=\"http:\/\/ecole-st-vaast-wambrechies.fr\/wp-content\/uploads\/2018\/12\/IMG_20181106_150628-150x150.jpg\" alt=\"\" width=\"150\" height=\"150\" \/><\/a><figcaption id=\"caption-attachment-5473\" class=\"wp-caption-text\"><a href=\"http:\/\/ecole-st-vaast-wambrechies.fr\/index.php\/activites-sportives\/\" target=\"_blank\" rel=\"noopener\">Activit\u00e9s Sportives<\/a><\/figcaption><\/figure><\/td>\n<\/tr>\n<tr>\n<td width=\"121\"><a href=\"http:\/\/ecole-st-vaast-wambrechies.fr\/index.php\/armistice-nov-2018\/\"><img loading=\"lazy\" decoding=\"async\" class=\"alignnone size-thumbnail wp-image-5401\" src=\"http:\/\/ecole-st-vaast-wambrechies.fr\/wp-content\/uploads\/2018\/12\/IMG_20181111_103631-150x150.jpg\" alt=\"\" width=\"150\" height=\"150\" \/><\/a><\/p>\n<p><a href=\"http:\/\/ecole-st-vaast-wambrechies.fr\/index.php\/armistice-nov-2018\/\" target=\"_blank\" rel=\"noopener\">Armistice Nov 2018<\/a><\/td>\n<td width=\"121\">\n<p><figure id=\"attachment_5495\" aria-describedby=\"caption-attachment-5495\" style=\"width: 150px\" class=\"wp-caption alignnone\"><a href=\"http:\/\/ecole-st-vaast-wambrechies.fr\/index.php\/visite-college-saint-joseph-nov-2018\/\" target=\"_blank\" rel=\"noopener\"><img loading=\"lazy\" decoding=\"async\" class=\"size-thumbnail wp-image-5495\" src=\"http:\/\/ecole-st-vaast-wambrechies.fr\/wp-content\/uploads\/2018\/12\/IMG_20181123_150218-150x150.jpg\" alt=\"\" width=\"150\" height=\"150\" \/><\/a><figcaption id=\"caption-attachment-5495\" class=\"wp-caption-text\"><a href=\"http:\/\/ecole-st-vaast-wambrechies.fr\/index.php\/visite-college-saint-joseph-nov-2018\/\" target=\"_blank\" rel=\"noopener\">Visite Coll\u00e8ge Saint Joseph Nov 2018<\/a><\/figcaption><\/figure><\/td>\n<td width=\"121\">\n<p><figure id=\"attachment_5571\" aria-describedby=\"caption-attachment-5571\" style=\"width: 150px\" class=\"wp-caption alignnone\"><a href=\"http:\/\/ecole-st-vaast-wambrechies.fr\/index.php\/formation-haccp\/\" target=\"_blank\" rel=\"noopener\"><img loading=\"lazy\" decoding=\"async\" class=\"size-thumbnail wp-image-5571\" src=\"http:\/\/ecole-st-vaast-wambrechies.fr\/wp-content\/uploads\/2018\/12\/IMG_20181128_111251-150x150.jpg\" alt=\"\" width=\"150\" height=\"150\" \/><\/a><figcaption id=\"caption-attachment-5571\" class=\"wp-caption-text\"><a href=\"http:\/\/ecole-st-vaast-wambrechies.fr\/index.php\/formation-haccp\/\" target=\"_blank\" rel=\"noopener\">Formation HACCP<\/a><\/figcaption><\/figure><\/td>\n<td width=\"121\"><a href=\"http:\/\/ecole-st-vaast-wambrechies.fr\/index.php\/saint-nicolas-dec-2018\/\" target=\"_blank\" rel=\"noopener\"><img loading=\"lazy\" decoding=\"async\" class=\"alignnone size-thumbnail wp-image-5592\" src=\"http:\/\/ecole-st-vaast-wambrechies.fr\/wp-content\/uploads\/2018\/12\/IMG_20181206_091032-150x150.jpg\" alt=\"\" width=\"150\" height=\"150\" \/><\/a><\/p>\n<p><a href=\"http:\/\/ecole-st-vaast-wambrechies.fr\/index.php\/saint-nicolas-dec-2018\/\" target=\"_blank\" rel=\"noopener\">Saint Nicolas D\u00e9c 2018<\/a><\/td>\n<td width=\"121\"><a href=\"http:\/\/ecole-st-vaast-wambrechies.fr\/index.php\/marche-de-noel-dec-2018\/\" target=\"_blank\" rel=\"noopener\"><img loading=\"lazy\" decoding=\"async\" class=\"alignnone size-thumbnail wp-image-5621\" src=\"http:\/\/ecole-st-vaast-wambrechies.fr\/wp-content\/uploads\/2018\/12\/santas-150x150.jpg\" alt=\"\" width=\"150\" height=\"150\" \/><\/a><\/p>\n<p><a href=\"http:\/\/ecole-st-vaast-wambrechies.fr\/index.php\/marche-de-noel-dec-2018\/\" target=\"_blank\" rel=\"noopener\">March\u00e9 de No\u00ebl D\u00e9c 2018<\/a><\/td>\n<\/tr>\n<tr>\n<td width=\"121\"><a href=\"http:\/\/ecole-st-vaast-wambrechies.fr\/index.php\/galette-des-rois-ogec\/\" target=\"_blank\" rel=\"noopener\"><img loading=\"lazy\" decoding=\"async\" class=\"alignnone size-medium wp-image-5656\" src=\"http:\/\/ecole-st-vaast-wambrechies.fr\/wp-content\/uploads\/2019\/01\/20190124_185845-e1548683193757-300x187.jpg\" alt=\"\" width=\"300\" height=\"187\" srcset=\"https:\/\/ecole-st-vaast-wambrechies.fr\/wp-content\/uploads\/2019\/01\/20190124_185845-e1548683193757-300x187.jpg 300w, https:\/\/ecole-st-vaast-wambrechies.fr\/wp-content\/uploads\/2019\/01\/20190124_185845-e1548683193757-768x479.jpg 768w, https:\/\/ecole-st-vaast-wambrechies.fr\/wp-content\/uploads\/2019\/01\/20190124_185845-e1548683193757-1024x638.jpg 1024w, https:\/\/ecole-st-vaast-wambrechies.fr\/wp-content\/uploads\/2019\/01\/20190124_185845-e1548683193757-642x400.jpg 642w, https:\/\/ecole-st-vaast-wambrechies.fr\/wp-content\/uploads\/2019\/01\/20190124_185845-e1548683193757.jpg 2002w\" sizes=\"(max-width: 300px) 100vw, 300px\" \/><\/a><\/p>\n<p><a href=\"http:\/\/ecole-st-vaast-wambrechies.fr\/index.php\/galette-des-rois-ogec\/\" target=\"_blank\" rel=\"noopener\">Galette des rois OGEC<\/a><\/td>\n<td width=\"121\"><a href=\"http:\/\/ecole-st-vaast-wambrechies.fr\/index.php\/course-de-luge\/\" target=\"_blank\" rel=\"noopener\"><img loading=\"lazy\" decoding=\"async\" class=\"wp-image-5672 size-thumbnail\" src=\"http:\/\/ecole-st-vaast-wambrechies.fr\/wp-content\/uploads\/2019\/02\/IMG_20190122_153308-150x150.jpg\" alt=\"\" width=\"150\" height=\"150\" \/><\/a><\/p>\n<p style=\"text-align: center;\"><a href=\"http:\/\/ecole-st-vaast-wambrechies.fr\/index.php\/course-de-luge\/\" target=\"_blank\" rel=\"noopener\">Neige \u00e0 l&rsquo;\u00e9cole St-Vaast.<\/a><\/p>\n<\/td>\n<td width=\"121\">\n<p><figure id=\"attachment_5704\" aria-describedby=\"caption-attachment-5704\" style=\"width: 150px\" class=\"wp-caption alignnone\"><img loading=\"lazy\" decoding=\"async\" class=\"size-thumbnail wp-image-5704\" src=\"http:\/\/ecole-st-vaast-wambrechies.fr\/wp-content\/uploads\/2019\/02\/IMG_20181221_100534-150x150.jpg\" alt=\"\" width=\"150\" height=\"150\" \/><figcaption id=\"caption-attachment-5704\" class=\"wp-caption-text\"><a href=\"http:\/\/ecole-st-vaast-wambrechies.fr\/index.php\/celebration-de-noel\/\" target=\"_blank\" rel=\"noopener\">C\u00e9l\u00e9bration No\u00ebl.<\/a><\/figcaption><\/figure><\/td>\n<td width=\"121\"><a href=\"http:\/\/ecole-st-vaast-wambrechies.fr\/index.php\/stage-basket\/\" target=\"_blank\" rel=\"noopener\"><img loading=\"lazy\" decoding=\"async\" class=\"size-thumbnail wp-image-5746\" src=\"http:\/\/ecole-st-vaast-wambrechies.fr\/wp-content\/uploads\/2019\/02\/IMG_20181218_110723-150x150.jpg\" alt=\"\" width=\"150\" height=\"150\" \/><\/a><\/p>\n<p><a href=\"http:\/\/ecole-st-vaast-wambrechies.fr\/index.php\/stage-basket\/\" target=\"_blank\" rel=\"noopener\">Stage Basket<\/a><\/td>\n<td width=\"121\">\n<p><figure id=\"attachment_5799\" aria-describedby=\"caption-attachment-5799\" style=\"width: 150px\" class=\"wp-caption alignnone\"><a href=\"http:\/\/ecole-st-vaast-wambrechies.fr\/index.php\/quatuor-de-saxophone-a-lecole-saint-vaast\/\" target=\"_blank\" rel=\"noopener\"><img loading=\"lazy\" decoding=\"async\" class=\"size-thumbnail wp-image-5799\" src=\"http:\/\/ecole-st-vaast-wambrechies.fr\/wp-content\/uploads\/2019\/03\/IMG_20190315_153949-150x150.jpg\" alt=\"\" width=\"150\" height=\"150\" \/><\/a><figcaption id=\"caption-attachment-5799\" class=\"wp-caption-text\"><a href=\"http:\/\/ecole-st-vaast-wambrechies.fr\/index.php\/quatuor-de-saxophone-a-lecole-saint-vaast\/\" target=\"_blank\" rel=\"noopener\">Quatuor de saxophone \u00e0 l&rsquo;\u00e9cole Saint-Vaast<\/a><\/figcaption><\/figure><\/td>\n<\/tr>\n<tr>\n<td width=\"121\">\n<p><figure id=\"attachment_5779\" aria-describedby=\"caption-attachment-5779\" style=\"width: 150px\" class=\"wp-caption alignnone\"><a href=\"http:\/\/ecole-st-vaast-wambrechies.fr\/index.php\/stage-de-bon-usage-du-velo\/\" target=\"_blank\" rel=\"noopener\"><img loading=\"lazy\" decoding=\"async\" class=\"size-thumbnail wp-image-5779\" src=\"http:\/\/ecole-st-vaast-wambrechies.fr\/wp-content\/uploads\/2019\/03\/IMG_20190308_090620-1-150x150.jpg\" alt=\"\" width=\"150\" height=\"150\" \/><\/a><figcaption id=\"caption-attachment-5779\" class=\"wp-caption-text\"><a href=\"http:\/\/ecole-st-vaast-wambrechies.fr\/index.php\/stage-de-bon-usage-du-velo\/\" target=\"_blank\" rel=\"noopener\">Stage : bon usage du v\u00e9lo<\/a><\/figcaption><\/figure><\/td>\n<td width=\"121\">\n<p><figure id=\"attachment_5840\" aria-describedby=\"caption-attachment-5840\" style=\"width: 150px\" class=\"wp-caption alignnone\"><a href=\"http:\/\/ecole-st-vaast-wambrechies.fr\/index.php\/stage-de-traitements-des-dechets\/\" target=\"_blank\" rel=\"noopener\"><img loading=\"lazy\" decoding=\"async\" class=\"size-thumbnail wp-image-5840\" src=\"http:\/\/ecole-st-vaast-wambrechies.fr\/wp-content\/uploads\/2019\/04\/IMG_20190329_135531-150x150.jpg\" alt=\"\" width=\"150\" height=\"150\" \/><\/a><figcaption id=\"caption-attachment-5840\" class=\"wp-caption-text\"><a href=\"http:\/\/ecole-st-vaast-wambrechies.fr\/index.php\/stage-de-traitements-des-dechets\/\" target=\"_blank\" rel=\"noopener\">Traitement des d\u00e9chets<\/a><\/figcaption><\/figure><\/td>\n<td width=\"121\">\n<p><figure id=\"attachment_5816\" aria-describedby=\"caption-attachment-5816\" style=\"width: 150px\" class=\"wp-caption alignnone\"><a href=\"http:\/\/ecole-st-vaast-wambrechies.fr\/index.php\/journee-pain-pomme\/\" target=\"_blank\" rel=\"noopener\"><img loading=\"lazy\" decoding=\"async\" class=\"size-thumbnail wp-image-5816\" src=\"http:\/\/ecole-st-vaast-wambrechies.fr\/wp-content\/uploads\/2019\/04\/IMG_20190404_120708-150x150.jpg\" alt=\"\" width=\"150\" height=\"150\" \/><\/a><figcaption id=\"caption-attachment-5816\" class=\"wp-caption-text\"><a href=\"http:\/\/ecole-st-vaast-wambrechies.fr\/index.php\/journee-pain-pomme\/\" target=\"_blank\" rel=\"noopener\">Journ\u00e9e pain-pomme<\/a><\/figcaption><\/figure><\/td>\n<td width=\"121\">\n<p><figure id=\"attachment_5861\" aria-describedby=\"caption-attachment-5861\" style=\"width: 150px\" class=\"wp-caption alignnone\"><a href=\"http:\/\/ecole-st-vaast-wambrechies.fr\/index.php\/celebration-de-paques-pour-les-classes-de-primaire\/\" target=\"_blank\" rel=\"noopener\"><img loading=\"lazy\" decoding=\"async\" class=\"size-thumbnail wp-image-5861\" src=\"http:\/\/ecole-st-vaast-wambrechies.fr\/wp-content\/uploads\/2019\/04\/IMG_20190426_092153-150x150.jpg\" alt=\"\" width=\"150\" height=\"150\" \/><\/a><figcaption id=\"caption-attachment-5861\" class=\"wp-caption-text\"><a href=\"http:\/\/ecole-st-vaast-wambrechies.fr\/index.php\/celebration-de-paques-pour-les-classes-de-primaire\/\" target=\"_blank\" rel=\"noopener\">C\u00e9l\u00e9bration de P\u00e2ques pour les classes de primaire et maternelle.<\/a><\/figcaption><\/figure><\/td>\n<td width=\"121\">\n<p><figure id=\"attachment_5889\" aria-describedby=\"caption-attachment-5889\" style=\"width: 150px\" class=\"wp-caption alignnone\"><a href=\"http:\/\/ecole-st-vaast-wambrechies.fr\/index.php\/crs-piste-routiere-cm2\/\" target=\"_blank\" rel=\"noopener\"><img loading=\"lazy\" decoding=\"async\" class=\"size-thumbnail wp-image-5889\" src=\"http:\/\/ecole-st-vaast-wambrechies.fr\/wp-content\/uploads\/2019\/04\/IMG_20190425_095508-150x150.jpg\" alt=\"\" width=\"150\" height=\"150\" \/><\/a><figcaption id=\"caption-attachment-5889\" class=\"wp-caption-text\"><a href=\"http:\/\/ecole-st-vaast-wambrechies.fr\/index.php\/crs-piste-routiere-cm2\/\" target=\"_blank\" rel=\"noopener\">CRS Piste routi\u00e8re CM2<\/a><\/figcaption><\/figure><\/td>\n<\/tr>\n<tr>\n<td width=\"121\">\n<p><figure id=\"attachment_5899\" aria-describedby=\"caption-attachment-5899\" style=\"width: 150px\" class=\"wp-caption alignnone\"><a href=\"http:\/\/ecole-st-vaast-wambrechies.fr\/index.php\/entrainement-cross\/\" target=\"_blank\" rel=\"noopener\"><img loading=\"lazy\" decoding=\"async\" class=\"size-thumbnail wp-image-5899\" src=\"http:\/\/ecole-st-vaast-wambrechies.fr\/wp-content\/uploads\/2019\/04\/IMG_20190423_110513-150x150.jpg\" alt=\"\" width=\"150\" height=\"150\" \/><\/a><figcaption id=\"caption-attachment-5899\" class=\"wp-caption-text\"><a href=\"http:\/\/ecole-st-vaast-wambrechies.fr\/index.php\/entrainement-cross\/\" target=\"_blank\" rel=\"noopener\">Entrainement Cross<\/a><\/figcaption><\/figure><\/td>\n<td width=\"121\"><a href=\"http:\/\/ecole-st-vaast-wambrechies.fr\/index.php\/cross-a-lecole-saint-vaast\/\" target=\"_blank\" rel=\"noopener\"><img loading=\"lazy\" decoding=\"async\" class=\"alignnone size-thumbnail wp-image-5917\" src=\"http:\/\/ecole-st-vaast-wambrechies.fr\/wp-content\/uploads\/2019\/05\/IMG_8812-150x150.jpeg\" alt=\"\" width=\"150\" height=\"150\" \/><\/a><\/p>\n<p><a href=\"http:\/\/ecole-st-vaast-wambrechies.fr\/index.php\/cross-a-lecole-saint-vaast\/\" target=\"_blank\" rel=\"noopener\">Cross 2019<\/a><\/td>\n<td width=\"121\">\n<p><figure id=\"attachment_6057\" aria-describedby=\"caption-attachment-6057\" style=\"width: 150px\" class=\"wp-caption alignnone\"><a href=\"http:\/\/ecole-st-vaast-wambrechies.fr\/index.php\/masques-de-terre\/\" target=\"_blank\" rel=\"noopener\"><img loading=\"lazy\" decoding=\"async\" class=\"wp-image-6057 size-thumbnail\" src=\"http:\/\/ecole-st-vaast-wambrechies.fr\/wp-content\/uploads\/2019\/07\/IMG_20190617_092717-150x150.jpg\" alt=\"\" width=\"150\" height=\"150\" \/><\/a><figcaption id=\"caption-attachment-6057\" class=\"wp-caption-text\"><a href=\"http:\/\/ecole-st-vaast-wambrechies.fr\/index.php\/masques-de-terre\/\">Masques de terre<\/a><\/figcaption><\/figure><\/td>\n<td width=\"121\">\n<p><figure id=\"attachment_6035\" aria-describedby=\"caption-attachment-6035\" style=\"width: 150px\" class=\"wp-caption alignnone\"><a href=\"http:\/\/ecole-st-vaast-wambrechies.fr\/index.php\/fete-de-lecole-juin-2019\/\" target=\"_blank\" rel=\"noopener\"><img loading=\"lazy\" decoding=\"async\" class=\"wp-image-6035 size-thumbnail\" src=\"http:\/\/ecole-st-vaast-wambrechies.fr\/wp-content\/uploads\/2019\/07\/IMG_20190629_111729-150x150.jpg\" alt=\"\" width=\"150\" height=\"150\" \/><\/a><figcaption id=\"caption-attachment-6035\" class=\"wp-caption-text\"><a href=\"http:\/\/ecole-st-vaast-wambrechies.fr\/index.php\/fete-de-lecole-juin-2019\/\" target=\"_blank\" rel=\"noopener\">F\u00eate de l&rsquo;\u00e9cole juin 2019<\/a><\/figcaption><\/figure><\/td>\n<td width=\"121\"><a href=\"http:\/\/ecole-st-vaast-wambrechies.fr\/index.php\/voyage-angleterre\/\" target=\"_blank\" rel=\"noopener\"><img loading=\"lazy\" decoding=\"async\" class=\"alignnone wp-image-6234 size-thumbnail\" src=\"http:\/\/ecole-st-vaast-wambrechies.fr\/wp-content\/uploads\/2019\/07\/IMG_20190614_102918-150x150.jpg\" alt=\"\" width=\"150\" height=\"150\" \/>Voyage en Angleterre\u00a0<\/a><\/td>\n<\/tr>\n<tr>\n<td width=\"121\"><\/td>\n<td width=\"121\"><\/td>\n<td width=\"121\"><\/td>\n<td width=\"121\"><\/td>\n<td width=\"121\"><\/td>\n<\/tr>\n<tr>\n<td width=\"121\"><\/td>\n<td width=\"121\"><\/td>\n<td width=\"121\"><\/td>\n<td width=\"121\"><\/td>\n<td width=\"121\"><\/td>\n<\/tr>\n<\/tbody>\n<\/table>\n<p>&nbsp;<\/p>\n","protected":false},"excerpt":{"rendered":"<p>Armistice Nov 2018 Saint Nicolas D\u00e9c 2018 March\u00e9 de No\u00ebl D\u00e9c 2018 Galette des rois OGEC Neige \u00e0 l&rsquo;\u00e9cole St-Vaast. [&hellip;]<\/p>\n","protected":false},"author":4,"featured_media":0,"parent":0,"menu_order":0,"comment_status":"closed","ping_status":"closed","template":"","meta":{"footnotes":""},"_links":{"self":[{"href":"https:\/\/ecole-st-vaast-wambrechies.fr\/index.php\/wp-json\/wp\/v2\/pages\/5237"}],"collection":[{"href":"https:\/\/ecole-st-vaast-wambrechies.fr\/index.php\/wp-json\/wp\/v2\/pages"}],"about":[{"href":"https:\/\/ecole-st-vaast-wambrechies.fr\/index.php\/wp-json\/wp\/v2\/types\/page"}],"author":[{"embeddable":true,"href":"https:\/\/ecole-st-vaast-wambrechies.fr\/index.php\/wp-json\/wp\/v2\/users\/4"}],"replies":[{"embeddable":true,"href":"https:\/\/ecole-st-vaast-wambrechies.fr\/index.php\/wp-json\/wp\/v2\/comments?post=5237"}],"version-history":[{"count":38,"href":"https:\/\/ecole-st-vaast-wambrechies.fr\/index.php\/wp-json\/wp\/v2\/pages\/5237\/revisions"}],"predecessor-version":[{"id":6247,"href":"https:\/\/ecole-st-vaast-wambrechies.fr\/index.php\/wp-json\/wp\/v2\/pages\/5237\/revisions\/6247"}],"wp:attachment":[{"href":"https:\/\/ecole-st-vaast-wambrechies.fr\/index.php\/wp-json\/wp\/v2\/media?parent=5237"}],"curies":[{"name":"wp","href":"https:\/\/api.w.org\/{rel}","templated":true}]}}