{"id":6304,"date":"2019-11-07T15:39:52","date_gmt":"2019-11-07T14:39:52","guid":{"rendered":"http:\/\/ecole-st-vaast-wambrechies.fr\/?page_id=6304"},"modified":"2019-12-26T12:18:03","modified_gmt":"2019-12-26T11:18:03","slug":"annee-scolaire-2019-2020","status":"publish","type":"page","link":"https:\/\/ecole-st-vaast-wambrechies.fr\/index.php\/annee-scolaire-2019-2020\/","title":{"rendered":"Ann\u00e9e scolaire 2019-2020"},"content":{"rendered":"<table>\n<tbody>\n<tr>\n<td width=\"121\">\n<p style=\"text-align: center;\"><a href=\"http:\/\/ecole-st-vaast-wambrechies.fr\/index.php\/benedictions-des-cartables-rentree-2019\/\" target=\"_blank\" rel=\"noopener\"><img loading=\"lazy\" decoding=\"async\" class=\"alignnone size-thumbnail wp-image-6360\" src=\"http:\/\/ecole-st-vaast-wambrechies.fr\/wp-content\/uploads\/2019\/11\/IMG_20190920_161440-150x150.jpg\" alt=\"\" width=\"150\" height=\"150\" \/><\/a><\/p>\n<p><a href=\"http:\/\/ecole-st-vaast-wambrechies.fr\/index.php\/benedictions-des-cartables-rentree-2019\/\" target=\"_blank\" rel=\"noopener\">B\u00e9n\u00e9dictions des cartables<\/a><\/td>\n<td width=\"121\"><a href=\"http:\/\/ecole-st-vaast-wambrechies.fr\/index.php\/spectacle-des-maternelles\/\" target=\"_blank\" rel=\"noopener\"><img loading=\"lazy\" decoding=\"async\" class=\"size-thumbnail wp-image-6329 aligncenter\" src=\"http:\/\/ecole-st-vaast-wambrechies.fr\/wp-content\/uploads\/2019\/11\/spectacle-maternelle-15-150x150.jpg\" alt=\"\" width=\"150\" height=\"150\" \/><\/a><\/p>\n<p style=\"text-align: center;\"><a href=\"http:\/\/ecole-st-vaast-wambrechies.fr\/index.php\/spectacle-des-maternelles\/\" target=\"_blank\" rel=\"noopener\">Spectacle des maternelles<\/a><\/p>\n<\/td>\n<td width=\"121\"><a href=\"http:\/\/ecole-st-vaast-wambrechies.fr\/index.php\/nuit-a-lecole\/\" target=\"_blank\" rel=\"noopener\"><img loading=\"lazy\" decoding=\"async\" class=\"alignnone size-thumbnail wp-image-6373\" src=\"http:\/\/ecole-st-vaast-wambrechies.fr\/wp-content\/uploads\/2019\/11\/IMG_20190927_192409-150x150.jpg\" alt=\"\" width=\"150\" height=\"150\" \/><\/a><\/p>\n<p style=\"text-align: center;\"><a href=\"http:\/\/ecole-st-vaast-wambrechies.fr\/index.php\/nuit-a-lecole\/\" target=\"_blank\" rel=\"noopener\">Nuit \u00e0 l&rsquo;\u00e9cole<\/a><\/p>\n<\/td>\n<td style=\"text-align: center;\" width=\"121\"><a href=\"http:\/\/ecole-st-vaast-wambrechies.fr\/index.php\/saint-nicolas-decembre-2019\/\" target=\"_blank\" rel=\"noopener\"><img loading=\"lazy\" decoding=\"async\" class=\"size-thumbnail wp-image-6405 aligncenter\" src=\"http:\/\/ecole-st-vaast-wambrechies.fr\/wp-content\/uploads\/2019\/12\/IMG_7576-e1577357856944-150x150.jpg\" alt=\"\" width=\"150\" height=\"150\" \/><\/a><\/p>\n<p><a href=\"http:\/\/ecole-st-vaast-wambrechies.fr\/index.php\/saint-nicolas-decembre-2019\/\" target=\"_blank\" rel=\"noopener\">Saint Nicolas<\/a><\/td>\n<td width=\"121\"><a href=\"http:\/\/ecole-st-vaast-wambrechies.fr\/index.php\/marche-de-noel-2019\/\" target=\"_blank\" rel=\"noopener\"><img loading=\"lazy\" decoding=\"async\" class=\"size-thumbnail wp-image-6433 aligncenter\" src=\"http:\/\/ecole-st-vaast-wambrechies.fr\/wp-content\/uploads\/2019\/12\/image0-e1577358164648-150x150.jpeg\" alt=\"\" width=\"150\" height=\"150\" \/><\/a><\/p>\n<p style=\"text-align: center;\"><a href=\"http:\/\/ecole-st-vaast-wambrechies.fr\/index.php\/marche-de-noel-2019\/\" target=\"_blank\" rel=\"noopener\">March\u00e9 de No\u00eal<\/a><\/p>\n<\/td>\n<\/tr>\n<tr>\n<td width=\"121\"><a href=\"http:\/\/ecole-st-vaast-wambrechies.fr\/index.php\/petit-dejeuner-de-noel-2019\/\" target=\"_blank\" rel=\"noopener\"><img loading=\"lazy\" decoding=\"async\" class=\"size-thumbnail wp-image-6448 aligncenter\" src=\"http:\/\/ecole-st-vaast-wambrechies.fr\/wp-content\/uploads\/2019\/12\/IMG_7873-150x150.jpg\" alt=\"\" width=\"150\" height=\"150\" \/><\/a><\/p>\n<p style=\"text-align: center;\"><a href=\"http:\/\/ecole-st-vaast-wambrechies.fr\/index.php\/petit-dejeuner-de-noel-2019\/\" target=\"_blank\" rel=\"noopener\">Petit d\u00e9jeuner de No\u00eal<\/a><\/p>\n<\/td>\n<td style=\"text-align: center;\" width=\"121\"><a href=\"http:\/\/ecole-st-vaast-wambrechies.fr\/index.php\/chants-de-noel-2019\/\" target=\"_blank\" rel=\"noopener\"><br \/>\n<img loading=\"lazy\" decoding=\"async\" class=\"size-thumbnail wp-image-6464 aligncenter\" src=\"http:\/\/ecole-st-vaast-wambrechies.fr\/wp-content\/uploads\/2019\/12\/IMG_7774-150x150.jpg\" alt=\"\" width=\"150\" height=\"150\" \/><\/a><a href=\"http:\/\/ecole-st-vaast-wambrechies.fr\/index.php\/chants-de-noel-2019\/\" target=\"_blank\" rel=\"noopener\">Chants de No\u00eal<\/a><\/td>\n<td width=\"121\"><\/td>\n<td width=\"121\"><\/td>\n<td width=\"121\"><\/td>\n<\/tr>\n<tr>\n<td width=\"121\"><\/td>\n<td width=\"121\"><\/td>\n<td width=\"121\"><\/td>\n<td width=\"121\"><\/td>\n<td width=\"121\"><\/td>\n<\/tr>\n<tr>\n<td width=\"121\"><\/td>\n<td width=\"121\"><\/td>\n<td width=\"121\"><\/td>\n<td width=\"121\"><\/td>\n<td width=\"121\"><\/td>\n<\/tr>\n<tr>\n<td width=\"121\"><\/td>\n<td width=\"121\"><\/td>\n<td width=\"121\"><\/td>\n<td width=\"121\"><\/td>\n<td width=\"121\"><\/td>\n<\/tr>\n<tr>\n<td width=\"121\"><\/td>\n<td width=\"121\"><\/td>\n<td width=\"121\"><\/td>\n<td width=\"121\"><\/td>\n<td width=\"121\"><\/td>\n<\/tr>\n<tr>\n<td width=\"121\"><\/td>\n<td width=\"121\"><\/td>\n<td width=\"121\"><\/td>\n<td width=\"121\"><\/td>\n<td width=\"121\"><\/td>\n<\/tr>\n<tr>\n<td width=\"121\"><\/td>\n<td width=\"121\"><\/td>\n<td width=\"121\"><\/td>\n<td width=\"121\"><\/td>\n<td width=\"121\"><\/td>\n<\/tr>\n<\/tbody>\n<\/table>\n","protected":false},"excerpt":{"rendered":"<p>B\u00e9n\u00e9dictions des cartables Spectacle des maternelles Nuit \u00e0 l&rsquo;\u00e9cole Saint Nicolas March\u00e9 de No\u00eal Petit d\u00e9jeuner de No\u00eal Chants de [&hellip;]<\/p>\n","protected":false},"author":4,"featured_media":0,"parent":0,"menu_order":0,"comment_status":"closed","ping_status":"closed","template":"","meta":{"footnotes":""},"_links":{"self":[{"href":"https:\/\/ecole-st-vaast-wambrechies.fr\/index.php\/wp-json\/wp\/v2\/pages\/6304"}],"collection":[{"href":"https:\/\/ecole-st-vaast-wambrechies.fr\/index.php\/wp-json\/wp\/v2\/pages"}],"about":[{"href":"https:\/\/ecole-st-vaast-wambrechies.fr\/index.php\/wp-json\/wp\/v2\/types\/page"}],"author":[{"embeddable":true,"href":"https:\/\/ecole-st-vaast-wambrechies.fr\/index.php\/wp-json\/wp\/v2\/users\/4"}],"replies":[{"embeddable":true,"href":"https:\/\/ecole-st-vaast-wambrechies.fr\/index.php\/wp-json\/wp\/v2\/comments?post=6304"}],"version-history":[{"count":22,"href":"https:\/\/ecole-st-vaast-wambrechies.fr\/index.php\/wp-json\/wp\/v2\/pages\/6304\/revisions"}],"predecessor-version":[{"id":6481,"href":"https:\/\/ecole-st-vaast-wambrechies.fr\/index.php\/wp-json\/wp\/v2\/pages\/6304\/revisions\/6481"}],"wp:attachment":[{"href":"https:\/\/ecole-st-vaast-wambrechies.fr\/index.php\/wp-json\/wp\/v2\/media?parent=6304"}],"curies":[{"name":"wp","href":"https:\/\/api.w.org\/{rel}","templated":true}]}}